{"id":4111,"date":"2015-05-21T10:37:57","date_gmt":"2015-05-21T08:37:57","guid":{"rendered":"https:\/\/www.elgraner.net\/p\/llonganissa\/"},"modified":"2026-05-04T16:18:43","modified_gmt":"2026-05-04T14:18:43","slug":"llonganissa","status":"publish","type":"product","link":"https:\/\/www.elgraner.net\/ca\/p\/llonganissa\/","title":{"rendered":"Llonganissa"},"content":{"rendered":"<p style=\"text-align: justify;\">S&#8217;assembla al fuet, per\u00f2 amb les seves particularitats. La combinaci\u00f3 de mat\u00e8ries primeres que s&#8217;usa \u00e9s molt m\u00e9s magra, l\u2019amaniment \u00e9s m\u00e9s fort i la seva curaci\u00f3 \u00e9s m\u00e9s llarga i lenta. Sense oblidar que el calibre \u00e9s m\u00e9s gran que el del fuet.<\/p>\n<hr \/>\n<h2>Fitxa t\u00e8cnica:<\/h2>\n<p><strong>Llista d&#8217;ingredients:\u00a0<\/strong>Magre de porc, cansalada, sal, sucre, pebre i conservador (E-250 i E-252). Embotit amb tripa natural. Sense gluten ni lactosa.<\/p>\n<p><strong>Caracter\u00edstiques organol\u00e8ptiques:<\/strong> Color, olor i gust caracter\u00edstics. Sense regust ni olor estranya.<\/p>\n<p><strong>Vida \u00fatil \/ caducitat:<\/strong> 90 dies des de la data de fabricaci\u00f3.<\/p>\n<p><strong>Condicions d\u2019emmagatzematge i distribuci\u00f3:<\/strong> Conservar en refrigeraci\u00f3 entre 4\u00baC i 7\u00baC.<\/p>\n<p><strong>Condicions d\u2019utilitzaci\u00f3 i consum:<\/strong> Producte dessecat. Es recomana consumir a temperatura ambient.<\/p>\n<table>\n<tbody>\n<tr>\n<td colspan=\"2\" width=\"614\"><strong>Informaci\u00f3 nutricional per 100g:<\/strong><\/td>\n<\/tr>\n<tr>\n<td width=\"307\"><strong>Valor energ\u00e8tic<\/strong><\/td>\n<td width=\"307\">1.192 kJ \/ 284,9 kcal<\/td>\n<\/tr>\n<tr>\n<td width=\"307\"><strong>Grasses<\/strong><\/td>\n<td width=\"307\">15 g<\/td>\n<\/tr>\n<tr>\n<td width=\"307\"><strong>Grasses saturades<\/strong><\/td>\n<td width=\"307\">5,9 g<\/td>\n<\/tr>\n<tr>\n<td width=\"307\"><strong>Hidrats de carboni<\/strong><\/td>\n<td width=\"307\">0,8 g<\/td>\n<\/tr>\n<tr>\n<td width=\"307\"><strong>Sucres<\/strong><\/td>\n<td width=\"307\">&lt;0,5 g<\/td>\n<\/tr>\n<tr>\n<td width=\"307\"><strong>Prote\u00efnes<\/strong><\/td>\n<td width=\"307\">36,5 g<\/td>\n<\/tr>\n<tr>\n<td width=\"307\"><strong>Sal<\/strong><\/td>\n<td width=\"307\">4\u20195 g<\/td>\n<\/tr>\n<\/tbody>\n<\/table>\n<p>&nbsp;<\/p>\n<table cellspacing=\"0\" cellpadding=\"0\">\n<tbody>\n<tr>\n<td colspan=\"2\" valign=\"top\"><strong>Declaraci\u00f3 d\u2019al\u00b7l\u00e8rgens:<\/strong><\/td>\n<\/tr>\n<tr>\n<td valign=\"top\">\n<p align=\"justify\">Cereals que continguin gluten<\/p>\n<\/td>\n<td valign=\"top\">\n<p align=\"justify\">&#8211;<\/p>\n<\/td>\n<\/tr>\n<tr>\n<td valign=\"top\">\n<p align=\"justify\">Crustacis i productes a base de crustacis<\/p>\n<\/td>\n<td valign=\"top\">\n<p align=\"justify\">&#8211;<\/p>\n<\/td>\n<\/tr>\n<tr>\n<td valign=\"top\">\n<p align=\"justify\">Ous i productes a base d\u2019ou<\/p>\n<\/td>\n<td valign=\"top\">\n<p align=\"justify\">&#8211;<\/p>\n<\/td>\n<\/tr>\n<tr>\n<td valign=\"top\">\n<p align=\"justify\">Peix i productes a base de peix<\/p>\n<\/td>\n<td valign=\"top\">\n<p align=\"justify\">&#8211;<\/p>\n<\/td>\n<\/tr>\n<tr>\n<td valign=\"top\">\n<p align=\"justify\">Cacauets i productes a base de cacauets<\/p>\n<\/td>\n<td valign=\"top\">\n<p align=\"justify\">&#8211;<\/p>\n<\/td>\n<\/tr>\n<tr>\n<td valign=\"top\">\n<p align=\"justify\">Soja i productes a base de soja<\/p>\n<\/td>\n<td valign=\"top\">\n<p align=\"justify\">&#8211;<\/p>\n<\/td>\n<\/tr>\n<tr>\n<td valign=\"top\">\n<p align=\"justify\">Llet i els seus derivats (inclosa la lactosa)<\/p>\n<\/td>\n<td valign=\"top\">\n<p align=\"justify\">&#8211;<\/p>\n<\/td>\n<\/tr>\n<tr>\n<td valign=\"top\">\n<p align=\"justify\">Fruita seca de clofolla<\/p>\n<\/td>\n<td valign=\"top\">\n<p align=\"justify\">&#8211;<\/p>\n<\/td>\n<\/tr>\n<tr>\n<td valign=\"top\">\n<p align=\"justify\">Api i productes derivats<\/p>\n<\/td>\n<td valign=\"top\">\n<p align=\"justify\">&#8211;<\/p>\n<\/td>\n<\/tr>\n<tr>\n<td valign=\"top\">\n<p align=\"justify\">Mostassa i productes derivats<\/p>\n<\/td>\n<td valign=\"top\">\n<p align=\"justify\">&#8211;<\/p>\n<\/td>\n<\/tr>\n<tr>\n<td valign=\"top\">\n<p align=\"justify\">Grans de s\u00e8sam i productes a base de grans de s\u00e8sam<\/p>\n<\/td>\n<td valign=\"top\">\n<p align=\"justify\">&#8211;<\/p>\n<\/td>\n<\/tr>\n<tr>\n<td valign=\"top\">\n<p align=\"justify\">Anh\u00eddrid sulfur\u00f3s i sulfitis en concentracions superiors a 10mg\/kg o 10mg\/L expressat com a SO2<\/p>\n<\/td>\n<td valign=\"top\">\n<p align=\"justify\">&#8211;<\/p>\n<\/td>\n<\/tr>\n<tr>\n<td valign=\"top\">\n<p align=\"justify\">Tramussos i productes a base de mol\u00b7lusc<\/p>\n<\/td>\n<td valign=\"top\">\n<p align=\"justify\">&#8211;<\/p>\n<\/td>\n<\/tr>\n<tr>\n<td colspan=\"2\" valign=\"top\">\n<p align=\"justify\">Elaborat en un obrador que utilitza: <strong>OU<\/strong><\/p>\n<\/td>\n<\/tr>\n<\/tbody>\n<\/table>\n","protected":false},"excerpt":{"rendered":"<p style=\"text-align: justify;\">S&#8217;assembla al fuet, per\u00f2 amb les seves particularitats. La combinaci\u00f3 de mat\u00e8ries primeres que s&#8217;usa \u00e9s molt m\u00e9s magra, l\u2019amaniment \u00e9s m\u00e9s fort i la seva curaci\u00f3 \u00e9s m\u00e9s llarga i lenta. Sense oblidar que el calibre \u00e9s m\u00e9s gran que el del fuet.<\/p>\n<p><span style=\"font-size: small;\"><strong>Opcions de compra: unitat de 230g. Envasada o sense envasar.<\/strong><\/span><\/p>\n","protected":false},"featured_media":4097,"comment_status":"open","ping_status":"closed","template":"","meta":[],"product_brand":[],"product_cat":[472],"product_tag":[],"class_list":{"0":"post-4111","1":"product","2":"type-product","3":"status-publish","4":"has-post-thumbnail","6":"product_cat-embotits-artesans-curats","7":"pa_loquiereenvasado-no","8":"pa_loquiereenvasado-si","9":"pa_precio_por_kg-4f-2190","10":"pa_seleccioneelpeso-unitat-250g","12":"first","13":"instock","14":"featured","15":"taxable","16":"shipping-taxable","17":"purchasable","18":"product-type-variable","19":"has-default-attributes"},"yoast_head":"<!-- This site is optimized with the Yoast SEO plugin v26.9 - https:\/\/yoast.com\/product\/yoast-seo-wordpress\/ -->\n<title>Llonganissa artesana - Embotit artes\u00e0 - El Graner<\/title>\n<meta name=\"description\" content=\"Llonganissa artesana El Graner: S&#039;assembla al fuet, per\u00f2 amb les seves particularitats. La combinaci\u00f3 de mat\u00e8ries primeres que s&#039;usa \u00e9s molt m\u00e9s magra, l\u2019amaniment \u00e9s m\u00e9s fort i la seva curaci\u00f3 \u00e9s m\u00e9s llarga i lenta.\" \/>\n<meta name=\"robots\" content=\"index, follow, max-snippet:-1, max-image-preview:large, max-video-preview:-1\" \/>\n<link rel=\"canonical\" href=\"https:\/\/www.elgraner.net\/ca\/p\/llonganissa\/\" \/>\n<meta property=\"og:locale\" content=\"ca_ES\" \/>\n<meta property=\"og:type\" content=\"article\" \/>\n<meta property=\"og:title\" content=\"Llonganissa artesana - Embotit artes\u00e0 - El Graner\" \/>\n<meta property=\"og:description\" content=\"Llonganissa artesana El Graner: S&#039;assembla al fuet, per\u00f2 amb les seves particularitats. La combinaci\u00f3 de mat\u00e8ries primeres que s&#039;usa \u00e9s molt m\u00e9s magra, l\u2019amaniment \u00e9s m\u00e9s fort i la seva curaci\u00f3 \u00e9s m\u00e9s llarga i lenta.\" \/>\n<meta property=\"og:url\" content=\"https:\/\/www.elgraner.net\/ca\/p\/llonganissa\/\" \/>\n<meta property=\"og:site_name\" content=\"El Graner\" \/>\n<meta property=\"article:modified_time\" content=\"2026-05-04T14:18:43+00:00\" \/>\n<meta property=\"og:image\" content=\"https:\/\/www.elgraner.net\/wp-content\/uploads\/2015\/05\/301t_1.jpg\" \/>\n\t<meta property=\"og:image:width\" content=\"600\" \/>\n\t<meta property=\"og:image:height\" content=\"600\" \/>\n\t<meta property=\"og:image:type\" content=\"image\/jpeg\" \/>\n<meta name=\"twitter:card\" content=\"summary_large_image\" \/>\n<meta name=\"twitter:label1\" content=\"Temps estimat de lectura\" \/>\n\t<meta name=\"twitter:data1\" content=\"2 minuts\" \/>\n<script type=\"application\/ld+json\" class=\"yoast-schema-graph\">{\"@context\":\"https:\/\/schema.org\",\"@graph\":[{\"@type\":\"WebPage\",\"@id\":\"https:\/\/www.elgraner.net\/ca\/p\/llonganissa\/\",\"url\":\"https:\/\/www.elgraner.net\/ca\/p\/llonganissa\/\",\"name\":\"Llonganissa artesana - Embotit artes\u00e0 - El Graner\",\"isPartOf\":{\"@id\":\"https:\/\/www.elgraner.net\/ca\/#website\"},\"primaryImageOfPage\":{\"@id\":\"https:\/\/www.elgraner.net\/ca\/p\/llonganissa\/#primaryimage\"},\"image\":{\"@id\":\"https:\/\/www.elgraner.net\/ca\/p\/llonganissa\/#primaryimage\"},\"thumbnailUrl\":\"https:\/\/www.elgraner.net\/wp-content\/uploads\/2015\/05\/301t_1.jpg\",\"datePublished\":\"2015-05-21T08:37:57+00:00\",\"dateModified\":\"2026-05-04T14:18:43+00:00\",\"description\":\"Llonganissa artesana El Graner: S'assembla al fuet, per\u00f2 amb les seves particularitats. La combinaci\u00f3 de mat\u00e8ries primeres que s'usa \u00e9s molt m\u00e9s magra, l\u2019amaniment \u00e9s m\u00e9s fort i la seva curaci\u00f3 \u00e9s m\u00e9s llarga i lenta.\",\"breadcrumb\":{\"@id\":\"https:\/\/www.elgraner.net\/ca\/p\/llonganissa\/#breadcrumb\"},\"inLanguage\":\"ca\",\"potentialAction\":[{\"@type\":\"ReadAction\",\"target\":[\"https:\/\/www.elgraner.net\/ca\/p\/llonganissa\/\"]}]},{\"@type\":\"ImageObject\",\"inLanguage\":\"ca\",\"@id\":\"https:\/\/www.elgraner.net\/ca\/p\/llonganissa\/#primaryimage\",\"url\":\"https:\/\/www.elgraner.net\/wp-content\/uploads\/2015\/05\/301t_1.jpg\",\"contentUrl\":\"https:\/\/www.elgraner.net\/wp-content\/uploads\/2015\/05\/301t_1.jpg\",\"width\":600,\"height\":600,\"caption\":\"Longaniza-0\"},{\"@type\":\"BreadcrumbList\",\"@id\":\"https:\/\/www.elgraner.net\/ca\/p\/llonganissa\/#breadcrumb\",\"itemListElement\":[{\"@type\":\"ListItem\",\"position\":1,\"name\":\"El Graner\",\"item\":\"https:\/\/www.elgraner.net\/ca\/\"},{\"@type\":\"ListItem\",\"position\":2,\"name\":\"Tienda\",\"item\":\"https:\/\/www.elgraner.net\/es\/tienda\/\"},{\"@type\":\"ListItem\",\"position\":3,\"name\":\"Embotits curats\",\"item\":\"https:\/\/www.elgraner.net\/ca\/cat\/embotits-artesans-curats\/\"},{\"@type\":\"ListItem\",\"position\":4,\"name\":\"Llonganissa\"}]},{\"@type\":\"WebSite\",\"@id\":\"https:\/\/www.elgraner.net\/ca\/#website\",\"url\":\"https:\/\/www.elgraner.net\/ca\/\",\"name\":\"El Graner\",\"description\":\"Tienda online de embutidos catalanes artesanos\",\"publisher\":{\"@id\":\"https:\/\/www.elgraner.net\/ca\/#organization\"},\"potentialAction\":[{\"@type\":\"SearchAction\",\"target\":{\"@type\":\"EntryPoint\",\"urlTemplate\":\"https:\/\/www.elgraner.net\/ca\/?s={search_term_string}\"},\"query-input\":{\"@type\":\"PropertyValueSpecification\",\"valueRequired\":true,\"valueName\":\"search_term_string\"}}],\"inLanguage\":\"ca\"},{\"@type\":\"Organization\",\"@id\":\"https:\/\/www.elgraner.net\/ca\/#organization\",\"name\":\"El Graner\",\"url\":\"https:\/\/www.elgraner.net\/ca\/\",\"logo\":{\"@type\":\"ImageObject\",\"inLanguage\":\"ca\",\"@id\":\"https:\/\/www.elgraner.net\/ca\/#\/schema\/logo\/image\/\",\"url\":\"https:\/\/www.elgraner.net\/wp-content\/uploads\/2019\/03\/logo-es.png\",\"contentUrl\":\"https:\/\/www.elgraner.net\/wp-content\/uploads\/2019\/03\/logo-es.png\",\"width\":320,\"height\":90,\"caption\":\"El Graner\"},\"image\":{\"@id\":\"https:\/\/www.elgraner.net\/ca\/#\/schema\/logo\/image\/\"}}]}<\/script>\n<!-- \/ Yoast SEO plugin. -->","yoast_head_json":{"title":"Llonganissa artesana - Embotit artes\u00e0 - El Graner","description":"Llonganissa artesana El Graner: S'assembla al fuet, per\u00f2 amb les seves particularitats. La combinaci\u00f3 de mat\u00e8ries primeres que s'usa \u00e9s molt m\u00e9s magra, l\u2019amaniment \u00e9s m\u00e9s fort i la seva curaci\u00f3 \u00e9s m\u00e9s llarga i lenta.","robots":{"index":"index","follow":"follow","max-snippet":"max-snippet:-1","max-image-preview":"max-image-preview:large","max-video-preview":"max-video-preview:-1"},"canonical":"https:\/\/www.elgraner.net\/ca\/p\/llonganissa\/","og_locale":"ca_ES","og_type":"article","og_title":"Llonganissa artesana - Embotit artes\u00e0 - El Graner","og_description":"Llonganissa artesana El Graner: S'assembla al fuet, per\u00f2 amb les seves particularitats. La combinaci\u00f3 de mat\u00e8ries primeres que s'usa \u00e9s molt m\u00e9s magra, l\u2019amaniment \u00e9s m\u00e9s fort i la seva curaci\u00f3 \u00e9s m\u00e9s llarga i lenta.","og_url":"https:\/\/www.elgraner.net\/ca\/p\/llonganissa\/","og_site_name":"El Graner","article_modified_time":"2026-05-04T14:18:43+00:00","og_image":[{"width":600,"height":600,"url":"https:\/\/www.elgraner.net\/wp-content\/uploads\/2015\/05\/301t_1.jpg","type":"image\/jpeg"}],"twitter_card":"summary_large_image","twitter_misc":{"Temps estimat de lectura":"2 minuts"},"schema":{"@context":"https:\/\/schema.org","@graph":[{"@type":"WebPage","@id":"https:\/\/www.elgraner.net\/ca\/p\/llonganissa\/","url":"https:\/\/www.elgraner.net\/ca\/p\/llonganissa\/","name":"Llonganissa artesana - Embotit artes\u00e0 - El Graner","isPartOf":{"@id":"https:\/\/www.elgraner.net\/ca\/#website"},"primaryImageOfPage":{"@id":"https:\/\/www.elgraner.net\/ca\/p\/llonganissa\/#primaryimage"},"image":{"@id":"https:\/\/www.elgraner.net\/ca\/p\/llonganissa\/#primaryimage"},"thumbnailUrl":"https:\/\/www.elgraner.net\/wp-content\/uploads\/2015\/05\/301t_1.jpg","datePublished":"2015-05-21T08:37:57+00:00","dateModified":"2026-05-04T14:18:43+00:00","description":"Llonganissa artesana El Graner: S'assembla al fuet, per\u00f2 amb les seves particularitats. La combinaci\u00f3 de mat\u00e8ries primeres que s'usa \u00e9s molt m\u00e9s magra, l\u2019amaniment \u00e9s m\u00e9s fort i la seva curaci\u00f3 \u00e9s m\u00e9s llarga i lenta.","breadcrumb":{"@id":"https:\/\/www.elgraner.net\/ca\/p\/llonganissa\/#breadcrumb"},"inLanguage":"ca","potentialAction":[{"@type":"ReadAction","target":["https:\/\/www.elgraner.net\/ca\/p\/llonganissa\/"]}]},{"@type":"ImageObject","inLanguage":"ca","@id":"https:\/\/www.elgraner.net\/ca\/p\/llonganissa\/#primaryimage","url":"https:\/\/www.elgraner.net\/wp-content\/uploads\/2015\/05\/301t_1.jpg","contentUrl":"https:\/\/www.elgraner.net\/wp-content\/uploads\/2015\/05\/301t_1.jpg","width":600,"height":600,"caption":"Longaniza-0"},{"@type":"BreadcrumbList","@id":"https:\/\/www.elgraner.net\/ca\/p\/llonganissa\/#breadcrumb","itemListElement":[{"@type":"ListItem","position":1,"name":"El Graner","item":"https:\/\/www.elgraner.net\/ca\/"},{"@type":"ListItem","position":2,"name":"Tienda","item":"https:\/\/www.elgraner.net\/es\/tienda\/"},{"@type":"ListItem","position":3,"name":"Embotits curats","item":"https:\/\/www.elgraner.net\/ca\/cat\/embotits-artesans-curats\/"},{"@type":"ListItem","position":4,"name":"Llonganissa"}]},{"@type":"WebSite","@id":"https:\/\/www.elgraner.net\/ca\/#website","url":"https:\/\/www.elgraner.net\/ca\/","name":"El Graner","description":"Tienda online de embutidos catalanes artesanos","publisher":{"@id":"https:\/\/www.elgraner.net\/ca\/#organization"},"potentialAction":[{"@type":"SearchAction","target":{"@type":"EntryPoint","urlTemplate":"https:\/\/www.elgraner.net\/ca\/?s={search_term_string}"},"query-input":{"@type":"PropertyValueSpecification","valueRequired":true,"valueName":"search_term_string"}}],"inLanguage":"ca"},{"@type":"Organization","@id":"https:\/\/www.elgraner.net\/ca\/#organization","name":"El Graner","url":"https:\/\/www.elgraner.net\/ca\/","logo":{"@type":"ImageObject","inLanguage":"ca","@id":"https:\/\/www.elgraner.net\/ca\/#\/schema\/logo\/image\/","url":"https:\/\/www.elgraner.net\/wp-content\/uploads\/2019\/03\/logo-es.png","contentUrl":"https:\/\/www.elgraner.net\/wp-content\/uploads\/2019\/03\/logo-es.png","width":320,"height":90,"caption":"El Graner"},"image":{"@id":"https:\/\/www.elgraner.net\/ca\/#\/schema\/logo\/image\/"}}]}},"jetpack_sharing_enabled":true,"_links":{"self":[{"href":"https:\/\/www.elgraner.net\/ca\/wp-json\/wp\/v2\/product\/4111","targetHints":{"allow":["GET"]}}],"collection":[{"href":"https:\/\/www.elgraner.net\/ca\/wp-json\/wp\/v2\/product"}],"about":[{"href":"https:\/\/www.elgraner.net\/ca\/wp-json\/wp\/v2\/types\/product"}],"replies":[{"embeddable":true,"href":"https:\/\/www.elgraner.net\/ca\/wp-json\/wp\/v2\/comments?post=4111"}],"wp:featuredmedia":[{"embeddable":true,"href":"https:\/\/www.elgraner.net\/ca\/wp-json\/wp\/v2\/media\/4097"}],"wp:attachment":[{"href":"https:\/\/www.elgraner.net\/ca\/wp-json\/wp\/v2\/media?parent=4111"}],"wp:term":[{"taxonomy":"product_brand","embeddable":true,"href":"https:\/\/www.elgraner.net\/ca\/wp-json\/wp\/v2\/product_brand?post=4111"},{"taxonomy":"product_cat","embeddable":true,"href":"https:\/\/www.elgraner.net\/ca\/wp-json\/wp\/v2\/product_cat?post=4111"},{"taxonomy":"product_tag","embeddable":true,"href":"https:\/\/www.elgraner.net\/ca\/wp-json\/wp\/v2\/product_tag?post=4111"}],"curies":[{"name":"wp","href":"https:\/\/api.w.org\/{rel}","templated":true}]}}