{"id":4221,"date":"2015-05-21T10:39:38","date_gmt":"2015-05-21T08:39:38","guid":{"rendered":"https:\/\/www.elgraner.net\/p\/cap-de-llom\/"},"modified":"2026-05-04T15:48:06","modified_gmt":"2026-05-04T13:48:06","slug":"cap-de-llom","status":"publish","type":"product","link":"https:\/\/www.elgraner.net\/ca\/p\/cap-de-llom\/","title":{"rendered":"Cap de Llom"},"content":{"rendered":"<p>La part del coll del porc \u00e9s una de les carns m\u00e9s gustoses i meloses; si, a m\u00e9s, d\u2019aquesta n\u2019elaborem un embotit curat, tenim que passats uns mesos despr\u00e9s de la matan\u00e7a del porc, el nostre paladar es pot delectar amb un embotit de primera l\u00ednia. Es caracteritza per tenir un tall en el qual s\u2019aprecien les vetes de greix en la carn magra, fet que li d\u00f3na un sabor i una textura comparables a les del pernil.<\/p>\n<h2>De qu\u00e8 est\u00e0 fet el cap de llom curat?<\/h2>\n<p>El cap de llom s\u2019elabora amb carn del coll del porc, sal, pebre, sucres i conservadors E252 i E250; i est\u00e0 embotit amb tripa natural.<\/p>\n<h2>Com es fa el cap de llom curat a El Graner?<\/h2>\n<p><strong>El cap de llom s\u2019elabora artesanalment a El Graner<\/strong> sense lactosa, ou ni derivats del blat. \u00c9s <strong>apte per a cel\u00edacs i al\u00b7l\u00e8rgics<\/strong> o intolerants a la lactosa i a la prote\u00efna l\u00e0ctia de l\u2019ou o derivats.<\/p>\n<h2>Un proc\u00e9s d&#8217;elaboraci\u00f3 tradicional per als nostres caps de llom curats<\/h2>\n<p>El cap de llom curat d\u2019El Graner porta un segell de tradici\u00f3 indiscutible, elaborat amb carns aut\u00f2ctones de l&#8217;Empord\u00e0 que s\u00f3n d&#8217;absoluta confian\u00e7a.<\/p>\n<p>El cap de llom curat s\u2019elabora a partir de la part del coll del porc sense l\u2019\u00f3s polit, que se salpebra i es deixa en rep\u00f2s per tal que la sal penetri. D\u2019aquesta manera, s\u2019assoleix la primera part del proc\u00e9s de conservaci\u00f3 que es completa amb l\u2019embotici\u00f3 de la pe\u00e7a del cap de llom en tripa natural. Despr\u00e9s, es penja a l\u2019assecador per tal que es deshidrati mentre el fong natural que apareix li d\u00f3na l\u2019aspecte i el buquet caracter\u00edstic.<\/p>\n<h2>Com es menja el cap de llom curat?<\/h2>\n<p>El cap de llom curat d\u2019El Graner es ven per ser consumit al moment, sense preparaci\u00f3 pr\u00e8via. Acompanyat d\u2019un bon pa amb tom\u00e0quet \u00e9s un dels menjars m\u00e9s t\u00edpics i saborosos de la nostra gastronomia.<\/p>\n<h2>Com s\u2019ha de conservar el cap de llom curat?<\/h2>\n<p>Recomanem emmagatzemar-lo, com els embotits curats, en un lloc fresc i sec, a una temperatura d\u2019entre 4 i 7\u00ba. A l\u2019hora de consumir el cap de llom curat d\u2019El Graner s\u2019aconsella que es faci a temperatura ambient.<\/p>\n<h2>Per qu\u00e8 comprar un cap de llom curat a la nostra botiga en l\u00ednia?<\/h2>\n<p>Perqu\u00e8 elaborem botifarres i altres <strong>embotits artesans de primera qualitat<\/strong> des de fa tres generacions i estem al capdavant d\u2019El Graner des de l\u2019any 2005. Gr\u00e0cies a la nostra botiga en l\u00ednia pots comprar c\u00f2modament els millors embotits catalans, i t&#8217;enviarem la comanda a casa teva amb un termini de lliurament d\u2019entre 24 i 48 hores.<\/p>\n<p>Si tens algun dubte sobre el nostre cap de llom curat o qualsevol altre embotit de la nostra botiga, truca&#8217;ns al 972 509 455 i t&#8217;atendrem encantats.<\/p>\n<hr \/>\n<h2>Fitxa t\u00e8cnica:<\/h2>\n<p><strong>Llista d&#8217;ingredients:\u00a0<\/strong>Cap de llom de porc, sal, pebre, sucre, conservadors (E-252 i E-250). Embotit amb tripa natural. Sense gluten ni lactosa.<\/p>\n<p><strong>Caracter\u00edstiques organol\u00e8ptiques:<\/strong> Color, olor i gust caracter\u00edstics. Sense regust ni olor estranya.<\/p>\n<p><strong>Vida \u00fatil \/ caducitat:<\/strong> 70 dies des de la data de fabricaci\u00f3.<\/p>\n<p><strong>Condicions d\u2019emmagatzematge i distribuci\u00f3:<\/strong> Conservar en refrigeraci\u00f3 entre 4\u00baC i 7\u00baC.<\/p>\n<p><strong>Condicions d\u2019utilitzaci\u00f3 i consum:<\/strong> Producte dessecat. Es recomana consumir a T\u00aa ambient.<\/p>\n<table>\n<tbody>\n<tr>\n<td colspan=\"2\" width=\"614\"><strong>Informaci\u00f3 nutricional per 100g:<\/strong><\/td>\n<\/tr>\n<tr>\n<td width=\"307\"><strong>Valor energ\u00e8tic<\/strong><\/td>\n<td width=\"307\">1.387 Kj \/ 329 Kcal<\/td>\n<\/tr>\n<tr>\n<td width=\"307\"><strong>Grasses<\/strong><\/td>\n<td width=\"307\">29,7<\/td>\n<\/tr>\n<tr>\n<td width=\"307\"><strong>Grasses saturades<\/strong><\/td>\n<td width=\"307\">6<\/td>\n<\/tr>\n<tr>\n<td width=\"307\"><strong>Hidrats de carboni<\/strong><\/td>\n<td width=\"307\">2,1<\/td>\n<\/tr>\n<tr>\n<td width=\"307\"><strong>Sucres<\/strong><\/td>\n<td width=\"307\">0,5<\/td>\n<\/tr>\n<tr>\n<td width=\"307\"><strong>Prote\u00efnes<\/strong><\/td>\n<td width=\"307\">28,5<\/td>\n<\/tr>\n<tr>\n<td width=\"307\"><strong>Sal<\/strong><\/td>\n<td width=\"307\">3,6<\/td>\n<\/tr>\n<\/tbody>\n<\/table>\n<p>&nbsp;<\/p>\n<table cellspacing=\"0\" cellpadding=\"0\">\n<tbody>\n<tr>\n<td colspan=\"2\" valign=\"top\"><strong>Declaraci\u00f3 d\u2019al\u00b7l\u00e8rgens:<\/strong><\/td>\n<\/tr>\n<tr>\n<td valign=\"top\">\n<p align=\"justify\">Cereals que continguin gluten<\/p>\n<\/td>\n<td valign=\"top\">\n<p align=\"justify\">&#8211;<\/p>\n<\/td>\n<\/tr>\n<tr>\n<td valign=\"top\">\n<p align=\"justify\">Crustacis i productes a base de crustacis<\/p>\n<\/td>\n<td valign=\"top\">\n<p align=\"justify\">&#8211;<\/p>\n<\/td>\n<\/tr>\n<tr>\n<td valign=\"top\">\n<p align=\"justify\">Ous i productes a base d\u2019ou<\/p>\n<\/td>\n<td valign=\"top\">\n<p align=\"justify\">&#8211;<\/p>\n<\/td>\n<\/tr>\n<tr>\n<td valign=\"top\">\n<p align=\"justify\">Peix i productes a base de peix<\/p>\n<\/td>\n<td valign=\"top\">\n<p align=\"justify\">&#8211;<\/p>\n<\/td>\n<\/tr>\n<tr>\n<td valign=\"top\">\n<p align=\"justify\">Cacauets i productes a base de cacauets<\/p>\n<\/td>\n<td valign=\"top\">\n<p align=\"justify\">&#8211;<\/p>\n<\/td>\n<\/tr>\n<tr>\n<td valign=\"top\">\n<p align=\"justify\">Soja i productes a base de soja<\/p>\n<\/td>\n<td valign=\"top\">\n<p align=\"justify\">&#8211;<\/p>\n<\/td>\n<\/tr>\n<tr>\n<td valign=\"top\">\n<p align=\"justify\">Llet i els seus derivats (inclosa la lactosa)<\/p>\n<\/td>\n<td valign=\"top\">\n<p align=\"justify\">&#8211;<\/p>\n<\/td>\n<\/tr>\n<tr>\n<td valign=\"top\">\n<p align=\"justify\">Fruita seca de clofolla<\/p>\n<\/td>\n<td valign=\"top\">\n<p align=\"justify\">&#8211;<\/p>\n<\/td>\n<\/tr>\n<tr>\n<td valign=\"top\">\n<p align=\"justify\">Api i productes derivats<\/p>\n<\/td>\n<td valign=\"top\">\n<p align=\"justify\">&#8211;<\/p>\n<\/td>\n<\/tr>\n<tr>\n<td valign=\"top\">\n<p align=\"justify\">Mostassa i productes derivats<\/p>\n<\/td>\n<td valign=\"top\">\n<p align=\"justify\">&#8211;<\/p>\n<\/td>\n<\/tr>\n<tr>\n<td valign=\"top\">\n<p align=\"justify\">Grans de s\u00e8sam i productes a base de grans de s\u00e8sam<\/p>\n<\/td>\n<td valign=\"top\">\n<p align=\"justify\">&#8211;<\/p>\n<\/td>\n<\/tr>\n<tr>\n<td valign=\"top\">\n<p align=\"justify\">Anh\u00eddrid sulfur\u00f3s i sulfitis en concentracions superiors a 10mg\/kg o 10mg\/L expressat com a SO2<\/p>\n<\/td>\n<td valign=\"top\">\n<p align=\"justify\">&#8211;<\/p>\n<\/td>\n<\/tr>\n<tr>\n<td valign=\"top\">\n<p align=\"justify\">Tramussos i productes a base de mol\u00b7lusc<\/p>\n<\/td>\n<td valign=\"top\">\n<p align=\"justify\">&#8211;<\/p>\n<\/td>\n<\/tr>\n<tr>\n<td colspan=\"2\" valign=\"top\">\n<p align=\"justify\">Elaborat en un obrador que utilitza: <strong>OU<\/strong><\/p>\n<\/td>\n<\/tr>\n<\/tbody>\n<\/table>\n","protected":false},"excerpt":{"rendered":"<p>Utilitzant la part del coll del porc sense os, salat, empebrat i embotit en tripa natural per tal de curar lentament, obtenim un dels <a href=\"https:\/\/www.elgraner.net\/ca\/\">embotits catalans<\/a> m\u00e9s selectes.<br \/>\nA la nostra botiga en l\u00ednia pots adquirir <strong>cap de llom curat de qualitat<\/strong> que ha estat <strong>elaborat artesanalment al nostre obrador familiar de l\u2019Alt Empord\u00e0<\/strong>.<br \/>\nOpcions de compra del cap de llom curat: una pe\u00e7a de 800-1000 g, aproximadament. Es pot comprar sencer, al natural, o b\u00e9 envasat al buit en porcions.<\/p>\n","protected":false},"featured_media":4205,"comment_status":"open","ping_status":"closed","template":"","meta":[],"product_brand":[],"product_cat":[472],"product_tag":[],"class_list":{"0":"post-4221","1":"product","2":"type-product","3":"status-publish","4":"has-post-thumbnail","6":"product_cat-embotits-artesans-curats","7":"pa_loquiereenvasado-no","8":"pa_loquiereenvasado-si","9":"pa_seleccioneelpeso-1-3-300g","10":"pa_seleccioneelpeso-unitat-900g","12":"first","13":"instock","14":"taxable","15":"shipping-taxable","16":"purchasable","17":"product-type-variable","18":"has-default-attributes"},"yoast_head":"<!-- This site is optimized with the Yoast SEO plugin v26.9 - https:\/\/yoast.com\/product\/yoast-seo-wordpress\/ -->\n<title>Cap de Llom curat artes\u00e0 - Embotits catalans d&#039;El Graner<\/title>\n<meta name=\"description\" content=\"Descobreix el cap de llom curat de qualitat que ha estat elaborat artesanalment al nostre obrador familiar de l\u2019Alt Empord\u00e0.\" \/>\n<meta name=\"robots\" content=\"index, follow, max-snippet:-1, max-image-preview:large, max-video-preview:-1\" \/>\n<link rel=\"canonical\" href=\"https:\/\/www.elgraner.net\/ca\/p\/cap-de-llom\/\" \/>\n<meta property=\"og:locale\" content=\"ca_ES\" \/>\n<meta property=\"og:type\" content=\"article\" \/>\n<meta property=\"og:title\" content=\"Cap de Llom curat artes\u00e0 - Embotits catalans d&#039;El Graner\" \/>\n<meta property=\"og:description\" content=\"Descobreix el cap de llom curat de qualitat que ha estat elaborat artesanalment al nostre obrador familiar de l\u2019Alt Empord\u00e0.\" \/>\n<meta property=\"og:url\" content=\"https:\/\/www.elgraner.net\/ca\/p\/cap-de-llom\/\" \/>\n<meta property=\"og:site_name\" content=\"El Graner\" \/>\n<meta property=\"article:modified_time\" content=\"2026-05-04T13:48:06+00:00\" \/>\n<meta property=\"og:image\" content=\"https:\/\/www.elgraner.net\/wp-content\/uploads\/2015\/05\/303t_1.jpg\" \/>\n\t<meta property=\"og:image:width\" content=\"600\" \/>\n\t<meta property=\"og:image:height\" content=\"600\" \/>\n\t<meta property=\"og:image:type\" content=\"image\/jpeg\" \/>\n<meta name=\"twitter:card\" content=\"summary_large_image\" \/>\n<meta name=\"twitter:label1\" content=\"Temps estimat de lectura\" \/>\n\t<meta name=\"twitter:data1\" content=\"4 minuts\" \/>\n<script type=\"application\/ld+json\" class=\"yoast-schema-graph\">{\"@context\":\"https:\/\/schema.org\",\"@graph\":[{\"@type\":\"WebPage\",\"@id\":\"https:\/\/www.elgraner.net\/ca\/p\/cap-de-llom\/\",\"url\":\"https:\/\/www.elgraner.net\/ca\/p\/cap-de-llom\/\",\"name\":\"Cap de Llom curat artes\u00e0 - Embotits catalans d'El Graner\",\"isPartOf\":{\"@id\":\"https:\/\/www.elgraner.net\/ca\/#website\"},\"primaryImageOfPage\":{\"@id\":\"https:\/\/www.elgraner.net\/ca\/p\/cap-de-llom\/#primaryimage\"},\"image\":{\"@id\":\"https:\/\/www.elgraner.net\/ca\/p\/cap-de-llom\/#primaryimage\"},\"thumbnailUrl\":\"https:\/\/www.elgraner.net\/wp-content\/uploads\/2015\/05\/303t_1.jpg\",\"datePublished\":\"2015-05-21T08:39:38+00:00\",\"dateModified\":\"2026-05-04T13:48:06+00:00\",\"description\":\"Descobreix el cap de llom curat de qualitat que ha estat elaborat artesanalment al nostre obrador familiar de l\u2019Alt Empord\u00e0.\",\"breadcrumb\":{\"@id\":\"https:\/\/www.elgraner.net\/ca\/p\/cap-de-llom\/#breadcrumb\"},\"inLanguage\":\"ca\",\"potentialAction\":[{\"@type\":\"ReadAction\",\"target\":[\"https:\/\/www.elgraner.net\/ca\/p\/cap-de-llom\/\"]}]},{\"@type\":\"ImageObject\",\"inLanguage\":\"ca\",\"@id\":\"https:\/\/www.elgraner.net\/ca\/p\/cap-de-llom\/#primaryimage\",\"url\":\"https:\/\/www.elgraner.net\/wp-content\/uploads\/2015\/05\/303t_1.jpg\",\"contentUrl\":\"https:\/\/www.elgraner.net\/wp-content\/uploads\/2015\/05\/303t_1.jpg\",\"width\":600,\"height\":600,\"caption\":\"Cabeza de lomo-0\"},{\"@type\":\"BreadcrumbList\",\"@id\":\"https:\/\/www.elgraner.net\/ca\/p\/cap-de-llom\/#breadcrumb\",\"itemListElement\":[{\"@type\":\"ListItem\",\"position\":1,\"name\":\"El Graner\",\"item\":\"https:\/\/www.elgraner.net\/ca\/\"},{\"@type\":\"ListItem\",\"position\":2,\"name\":\"Tienda\",\"item\":\"https:\/\/www.elgraner.net\/es\/tienda\/\"},{\"@type\":\"ListItem\",\"position\":3,\"name\":\"Embotits curats\",\"item\":\"https:\/\/www.elgraner.net\/ca\/cat\/embotits-artesans-curats\/\"},{\"@type\":\"ListItem\",\"position\":4,\"name\":\"Cap de Llom\"}]},{\"@type\":\"WebSite\",\"@id\":\"https:\/\/www.elgraner.net\/ca\/#website\",\"url\":\"https:\/\/www.elgraner.net\/ca\/\",\"name\":\"El Graner\",\"description\":\"Tienda online de embutidos catalanes artesanos\",\"publisher\":{\"@id\":\"https:\/\/www.elgraner.net\/ca\/#organization\"},\"potentialAction\":[{\"@type\":\"SearchAction\",\"target\":{\"@type\":\"EntryPoint\",\"urlTemplate\":\"https:\/\/www.elgraner.net\/ca\/?s={search_term_string}\"},\"query-input\":{\"@type\":\"PropertyValueSpecification\",\"valueRequired\":true,\"valueName\":\"search_term_string\"}}],\"inLanguage\":\"ca\"},{\"@type\":\"Organization\",\"@id\":\"https:\/\/www.elgraner.net\/ca\/#organization\",\"name\":\"El Graner\",\"url\":\"https:\/\/www.elgraner.net\/ca\/\",\"logo\":{\"@type\":\"ImageObject\",\"inLanguage\":\"ca\",\"@id\":\"https:\/\/www.elgraner.net\/ca\/#\/schema\/logo\/image\/\",\"url\":\"https:\/\/www.elgraner.net\/wp-content\/uploads\/2019\/03\/logo-es.png\",\"contentUrl\":\"https:\/\/www.elgraner.net\/wp-content\/uploads\/2019\/03\/logo-es.png\",\"width\":320,\"height\":90,\"caption\":\"El Graner\"},\"image\":{\"@id\":\"https:\/\/www.elgraner.net\/ca\/#\/schema\/logo\/image\/\"}}]}<\/script>\n<!-- \/ Yoast SEO plugin. -->","yoast_head_json":{"title":"Cap de Llom curat artes\u00e0 - Embotits catalans d'El Graner","description":"Descobreix el cap de llom curat de qualitat que ha estat elaborat artesanalment al nostre obrador familiar de l\u2019Alt Empord\u00e0.","robots":{"index":"index","follow":"follow","max-snippet":"max-snippet:-1","max-image-preview":"max-image-preview:large","max-video-preview":"max-video-preview:-1"},"canonical":"https:\/\/www.elgraner.net\/ca\/p\/cap-de-llom\/","og_locale":"ca_ES","og_type":"article","og_title":"Cap de Llom curat artes\u00e0 - Embotits catalans d'El Graner","og_description":"Descobreix el cap de llom curat de qualitat que ha estat elaborat artesanalment al nostre obrador familiar de l\u2019Alt Empord\u00e0.","og_url":"https:\/\/www.elgraner.net\/ca\/p\/cap-de-llom\/","og_site_name":"El Graner","article_modified_time":"2026-05-04T13:48:06+00:00","og_image":[{"width":600,"height":600,"url":"https:\/\/www.elgraner.net\/wp-content\/uploads\/2015\/05\/303t_1.jpg","type":"image\/jpeg"}],"twitter_card":"summary_large_image","twitter_misc":{"Temps estimat de lectura":"4 minuts"},"schema":{"@context":"https:\/\/schema.org","@graph":[{"@type":"WebPage","@id":"https:\/\/www.elgraner.net\/ca\/p\/cap-de-llom\/","url":"https:\/\/www.elgraner.net\/ca\/p\/cap-de-llom\/","name":"Cap de Llom curat artes\u00e0 - Embotits catalans d'El Graner","isPartOf":{"@id":"https:\/\/www.elgraner.net\/ca\/#website"},"primaryImageOfPage":{"@id":"https:\/\/www.elgraner.net\/ca\/p\/cap-de-llom\/#primaryimage"},"image":{"@id":"https:\/\/www.elgraner.net\/ca\/p\/cap-de-llom\/#primaryimage"},"thumbnailUrl":"https:\/\/www.elgraner.net\/wp-content\/uploads\/2015\/05\/303t_1.jpg","datePublished":"2015-05-21T08:39:38+00:00","dateModified":"2026-05-04T13:48:06+00:00","description":"Descobreix el cap de llom curat de qualitat que ha estat elaborat artesanalment al nostre obrador familiar de l\u2019Alt Empord\u00e0.","breadcrumb":{"@id":"https:\/\/www.elgraner.net\/ca\/p\/cap-de-llom\/#breadcrumb"},"inLanguage":"ca","potentialAction":[{"@type":"ReadAction","target":["https:\/\/www.elgraner.net\/ca\/p\/cap-de-llom\/"]}]},{"@type":"ImageObject","inLanguage":"ca","@id":"https:\/\/www.elgraner.net\/ca\/p\/cap-de-llom\/#primaryimage","url":"https:\/\/www.elgraner.net\/wp-content\/uploads\/2015\/05\/303t_1.jpg","contentUrl":"https:\/\/www.elgraner.net\/wp-content\/uploads\/2015\/05\/303t_1.jpg","width":600,"height":600,"caption":"Cabeza de lomo-0"},{"@type":"BreadcrumbList","@id":"https:\/\/www.elgraner.net\/ca\/p\/cap-de-llom\/#breadcrumb","itemListElement":[{"@type":"ListItem","position":1,"name":"El Graner","item":"https:\/\/www.elgraner.net\/ca\/"},{"@type":"ListItem","position":2,"name":"Tienda","item":"https:\/\/www.elgraner.net\/es\/tienda\/"},{"@type":"ListItem","position":3,"name":"Embotits curats","item":"https:\/\/www.elgraner.net\/ca\/cat\/embotits-artesans-curats\/"},{"@type":"ListItem","position":4,"name":"Cap de Llom"}]},{"@type":"WebSite","@id":"https:\/\/www.elgraner.net\/ca\/#website","url":"https:\/\/www.elgraner.net\/ca\/","name":"El Graner","description":"Tienda online de embutidos catalanes artesanos","publisher":{"@id":"https:\/\/www.elgraner.net\/ca\/#organization"},"potentialAction":[{"@type":"SearchAction","target":{"@type":"EntryPoint","urlTemplate":"https:\/\/www.elgraner.net\/ca\/?s={search_term_string}"},"query-input":{"@type":"PropertyValueSpecification","valueRequired":true,"valueName":"search_term_string"}}],"inLanguage":"ca"},{"@type":"Organization","@id":"https:\/\/www.elgraner.net\/ca\/#organization","name":"El Graner","url":"https:\/\/www.elgraner.net\/ca\/","logo":{"@type":"ImageObject","inLanguage":"ca","@id":"https:\/\/www.elgraner.net\/ca\/#\/schema\/logo\/image\/","url":"https:\/\/www.elgraner.net\/wp-content\/uploads\/2019\/03\/logo-es.png","contentUrl":"https:\/\/www.elgraner.net\/wp-content\/uploads\/2019\/03\/logo-es.png","width":320,"height":90,"caption":"El Graner"},"image":{"@id":"https:\/\/www.elgraner.net\/ca\/#\/schema\/logo\/image\/"}}]}},"jetpack_sharing_enabled":true,"_links":{"self":[{"href":"https:\/\/www.elgraner.net\/ca\/wp-json\/wp\/v2\/product\/4221","targetHints":{"allow":["GET"]}}],"collection":[{"href":"https:\/\/www.elgraner.net\/ca\/wp-json\/wp\/v2\/product"}],"about":[{"href":"https:\/\/www.elgraner.net\/ca\/wp-json\/wp\/v2\/types\/product"}],"replies":[{"embeddable":true,"href":"https:\/\/www.elgraner.net\/ca\/wp-json\/wp\/v2\/comments?post=4221"}],"wp:featuredmedia":[{"embeddable":true,"href":"https:\/\/www.elgraner.net\/ca\/wp-json\/wp\/v2\/media\/4205"}],"wp:attachment":[{"href":"https:\/\/www.elgraner.net\/ca\/wp-json\/wp\/v2\/media?parent=4221"}],"wp:term":[{"taxonomy":"product_brand","embeddable":true,"href":"https:\/\/www.elgraner.net\/ca\/wp-json\/wp\/v2\/product_brand?post=4221"},{"taxonomy":"product_cat","embeddable":true,"href":"https:\/\/www.elgraner.net\/ca\/wp-json\/wp\/v2\/product_cat?post=4221"},{"taxonomy":"product_tag","embeddable":true,"href":"https:\/\/www.elgraner.net\/ca\/wp-json\/wp\/v2\/product_tag?post=4221"}],"curies":[{"name":"wp","href":"https:\/\/api.w.org\/{rel}","templated":true}]}}